{"id":103,"date":"2018-06-08T17:02:58","date_gmt":"2018-06-08T17:02:58","guid":{"rendered":"http:\/\/rgzv-norden.de\/?page_id=103"},"modified":"2024-09-04T11:41:13","modified_gmt":"2024-09-04T11:41:13","slug":"datenschutzerklaerung","status":"publish","type":"page","link":"http:\/\/rgzv-norden.de\/?page_id=103","title":{"rendered":"Datenschutzerkl\u00e4rung"},"content":{"rendered":"<div id=\"cnt563\" class=\"dCon p4-cnt-headline\">\n<h2 class=\"p4-align-text-left\"><span style=\"color: #000000;\">Datenschutz als Grundrecht<\/span><\/h2>\n<\/div>\n<div id=\"cnt564\" class=\"dCon p4-cnt-richtext\">\n<p><span style=\"color: #000000;\">Der Schutz nat\u00fcrlicher Personen bei der Verarbeitung personenbezogener Daten ist ein Grundrecht.\u00a0Gem\u00e4\u00df Artikel 8 Absatz 1 der Charta der Grundrechte der Europ\u00e4ischen Union (im Folgenden \u201eCharta\u201c) sowie Artikel 16 Absatz 1 des Vertrags \u00fcber die Arbeitsweise der Europ\u00e4ischen Union (AEUV) hat jede Person das Recht auf Schutz der sie betreffenden personenbezogenen Daten.<\/span><\/p>\n<p>&nbsp;<\/p>\n<p><span style=\"color: #000000;\">Die Grunds\u00e4tze und Vorschriften zum Schutz nat\u00fcrlicher Personen bei der Verarbeitung ihrer personenbezogenen Daten sollten gew\u00e4hrleisten, dass ihre Grundrechte und Grundfreiheiten und insbesondere ihr Recht auf Schutz personenbezogener Daten ungeachtet ihrer Staatsangeh\u00f6rigkeit oder ihres Aufenthaltsorts gewahrt bleiben.<\/span><\/p>\n<p>&nbsp;<\/p>\n<p><span style=\"color: #000000;\">Nat\u00fcrliche Personen sollten die Kontrolle \u00fcber ihre eigenen Daten besitzen.<\/span><\/p>\n<p>&nbsp;<\/p>\n<p><span style=\"color: #000000;\">Die Grunds\u00e4tze des Datenschutzes sollten f\u00fcr alle Informationen gelten, die sich auf eine identifizierte oder identifizierbare nat\u00fcrliche Person beziehen. Die Grunds\u00e4tze des Datenschutzes sollten daher nicht f\u00fcr anonyme Informationen gelten, d.h. f\u00fcr Informationen, die sich nicht auf eine identifizierte oder identifizierbare nat\u00fcrliche Person beziehen, oder personenbezogene Daten, die in einer Weise anonymisiert worden sind, dass die betroffene Person nicht oder nicht mehr identifiziert werden kann.<\/span><\/p>\n<p>&nbsp;<\/p>\n<p>&nbsp;<\/p>\n<\/div>\n<div id=\"cnt565\" class=\"dCon p4-cnt-spacer\">\n<div><\/div>\n<\/div>\n<div id=\"cnt566\" class=\"dCon p4-cnt-headline\">\n<h2 class=\"p4-align-text-left\"><span style=\"color: #000000;\">Einleitung<\/span><\/h2>\n<\/div>\n<div id=\"cnt567\" class=\"dCon p4-cnt-richtext\">\n<p><span style=\"color: #000000;\">Wir nehmen Datenschutz ernst und freuen uns \u00fcber Ihr Interesse an unserer Webseite. Die Nutzung unserer Homepage ist grunds\u00e4tzlich ohne Angabe von personenbezogenen Daten m\u00f6glich. Bestimmte Dienstleistungen, die wir auf unserer Internetseite anbieten, k\u00f6nnten allerdings auf eine Verarbeitung personenbezogener Daten angewiesen sein.\u00a0Sollte dass der Fall sein, weisen wir in jedem Fall auf der Webseite darauf hin und holen uns vor Verarbeitung der Daten eine Einwilligung der betroffenen Person.<\/span><\/p>\n<p>&nbsp;<\/p>\n<p><span style=\"color: #000000;\">Wenn wir personenbezogene Daten verarbeiten, beispielsweise den Namen, die Anschrift und E-Mail-Adresse einer betroffenen Personen, die diese Daten zum Beispiel \u00fcber ein auf unser Webseite verf\u00fcgbares Kontaktformular eingegeben hat, erfolgt diese Verarbeitung stets und in jedem Fall auf Grundlage der jeweils aktuellen Datenschutzverordnung (DSGVO) und nat\u00fcrlich im Einklang mit den lokalen landesspezifischen Datenschutzbestimmungen. Mit dieser Datenschutzerkl\u00e4rung m\u00f6chten wir \u00f6ffentlich \u00fcber die Art, den Umfang und den Zweck der von uns \u00fcber diese Webseite erhobenen, genutzten und ggfl. verarbeiteten personenbezogenen Daten informieren und gleichzeitig betroffene Personen\u00a0auf ihre zustehenden Rechte hinweisen.<\/span><\/p>\n<p>&nbsp;<\/p>\n<p><span style=\"color: #000000;\">Wir haben zusammen mit unserem Webseiten-Anbieter, der page4 Ltd. zahlreiche technische und auch organisatorische Ma\u00dfnahmen f\u00fcr einen m\u00f6glichst l\u00fcckenlosen Schutz der \u00fcber diese Webseite verarbeiteten personenbezogenen Daten umgesetzt. Aufgrund der internetbasierten Daten\u00fcbertragung, die grunds\u00e4tzlich L\u00fccken aufweisen kann, ist ein absoluter Schutz nicht zu gew\u00e4hrleisten. Es steht jedem Besucher unserer Webseite daher frei, personenbezogene Daten an uns auch \u00fcber alternative Wege zu \u00fcbermitteln, zum Beispiel per Post oder Telefon.<\/span><\/p>\n<\/div>\n<div id=\"cnt568\" class=\"dCon p4-cnt-spacer\">\n<div><\/div>\n<\/div>\n<div id=\"cnt569\" class=\"dCon p4-cnt-headline\">\n<h2 class=\"p4-align-text-left\"><span style=\"color: #000000;\">Erkl\u00e4rung der hier verwendeten Begriffe<\/span><\/h2>\n<\/div>\n<div id=\"cnt570\" class=\"dCon p4-cnt-richtext\">\n<p><span style=\"color: #000000;\">Diese Datenschutzerkl\u00e4rung\u00a0basiert\u00a0unter anderem auf Begrifflichkeiten, die durch den Europ\u00e4ischen Richtlinien- und Verordnungsgeber bei der Ver\u00f6ffentlichung der Datenschutz-Grundverordnung, kurz DSGVO verwendet wurden. Um die Verst\u00e4ndlichkeit dieser Datenschutzerkl\u00e4rung zu gew\u00e4hrleisten, erlauben wir uns nachfolgend, die wichtigsten Begriffe, die hier verwendet werden, zu erkl\u00e4ren.<\/span><\/p>\n<\/div>\n<div id=\"cnt571\" class=\"dCon p4-cnt-headline\">\n<h3 class=\"p4-align-text-left\"><span style=\"color: #000000;\">Personenbezogene Daten<\/span><\/h3>\n<\/div>\n<div id=\"cnt572\" class=\"dCon p4-cnt-richtext\">\n<p><span style=\"color: #000000;\">\u201ePersonenbezogene Daten\u201c sind alle Informationen, die sich auf eine identifizierte oder identifizierbare nat\u00fcrliche Person (im Folgenden \u201ebetroffene Person\u201c) beziehen; als identifizierbar wird eine nat\u00fcrliche Person angesehen, die direkt oder indirekt, insbesondere mittels Zuordnung zu einer Kennung wie einem Namen, zu einer Kennnummer, zu Standortdaten, zu einer Online-Kennung oder zu einem oder mehreren besonderen Merkmalen identifiziert werden kann, die Ausdruck der physischen, physiologischen, genetischen, psychischen, wirtschaftlichen, kulturellen oder sozialen Identit\u00e4t dieser nat\u00fcrlichen Person sind;<\/span><\/p>\n<\/div>\n<div id=\"cnt573\" class=\"dCon p4-cnt-headline\">\n<h3 class=\"p4-align-text-left\"><span style=\"color: #000000;\">Verarbeitung<\/span><\/h3>\n<\/div>\n<div id=\"cnt574\" class=\"dCon p4-cnt-richtext\">\n<p><span style=\"color: #000000;\">\u201eVerarbeitung\u201c bezeichnet jeden mit oder ohne Hilfe automatisierter Verfahren ausgef\u00fchrten Vorgang oder jede solche Vorgangsreihe im Zusammenhang mit personenbezogenen Daten wie das Erheben, das Erfassen, die Organisation, das Ordnen, die Speicherung, die Anpassung oder Ver\u00e4nderung, das Auslesen, das Abfragen, die Verwendung, die Offenlegung durch \u00dcbermittlung, Verbreitung oder eine andere Form der Bereitstellung, den Abgleich oder die Verkn\u00fcpfung, die Einschr\u00e4nkung, das L\u00f6schen oder die Vernichtung;<\/span><\/p>\n<\/div>\n<div id=\"cnt575\" class=\"dCon p4-cnt-headline\">\n<h3 class=\"p4-align-text-left\"><span style=\"color: #000000;\">Einschr\u00e4nkung der Verarbeitung<\/span><\/h3>\n<\/div>\n<div id=\"cnt576\" class=\"dCon p4-cnt-richtext\">\n<p><span style=\"color: #000000;\">\u201eEinschr\u00e4nkung der Verarbeitung\u201c ist die Markierung gespeicherter personenbezogener Daten mit dem Ziel, ihre k\u00fcnftige Verarbeitung einzuschr\u00e4nken;<\/span><\/p>\n<\/div>\n<div id=\"cnt577\" class=\"dCon p4-cnt-headline\">\n<h3 class=\"p4-align-text-left\"><span style=\"color: #000000;\">Profiling<\/span><\/h3>\n<\/div>\n<div id=\"cnt578\" class=\"dCon p4-cnt-richtext\">\n<p><span style=\"color: #000000;\">\u201eProfiling\u201c bezeichnet jede Art der automatisierten Verarbeitung personenbezogener Daten, die darin besteht, dass diese personenbezogenen Daten verwendet werden, um bestimmte pers\u00f6nliche Aspekte, die sich auf eine nat\u00fcrliche Person beziehen, zu bewerten, insbesondere um Aspekte bez\u00fcglich Arbeitsleistung, wirtschaftliche Lage, Gesundheit, pers\u00f6nliche Vorlieben, Interessen, Zuverl\u00e4ssigkeit, Verhalten, Aufenthaltsort oder Ortswechsel dieser nat\u00fcrlichen Person zu analysieren oder vorherzusagen;<\/span><\/p>\n<\/div>\n<div id=\"cnt579\" class=\"dCon p4-cnt-headline\">\n<h3 class=\"p4-align-text-left\"><span style=\"color: #000000;\">Pseudonymisierung<\/span><\/h3>\n<\/div>\n<div id=\"cnt580\" class=\"dCon p4-cnt-richtext\">\n<p><span style=\"color: #000000;\">\u201ePseudonymisierung\u201c ist die Verarbeitung personenbezogener Daten in einer Weise, dass die personenbezogenen Daten ohne Hinzuziehung zus\u00e4tzlicher Informationen nicht mehr einer spezifischen betroffenen Person zugeordnet werden k\u00f6nnen, sofern diese zus\u00e4tzlichen Informationen gesondert aufbewahrt werden und technischen und organisatorischen Ma\u00dfnahmen unterliegen, die gew\u00e4hrleisten, dass die personenbezogenen Daten nicht einer identifizierten oder identifizierbaren nat\u00fcrlichen Person zugewiesen werden;<\/span><\/p>\n<\/div>\n<div id=\"cnt581\" class=\"dCon p4-cnt-headline\">\n<h3 class=\"p4-align-text-left\"><span style=\"color: #000000;\">Dateisystem<\/span><\/h3>\n<\/div>\n<div id=\"cnt582\" class=\"dCon p4-cnt-richtext\">\n<p><span style=\"color: #000000;\">\u201eDateisystem\u201c bezeichnet jede strukturierte Sammlung personenbezogener Daten, die nach bestimmten Kriterien zug\u00e4nglich sind, unabh\u00e4ngig davon, ob diese Sammlung zentral, dezentral oder nach funktionalen oder geografischen Gesichtspunkten geordnet gef\u00fchrt wird;<\/span><\/p>\n<\/div>\n<div id=\"cnt583\" class=\"dCon p4-cnt-headline\">\n<h3 class=\"p4-align-text-left\"><span style=\"color: #000000;\">Verantwortlicher f\u00fcr die Verarbeitung der Daten<\/span><\/h3>\n<\/div>\n<div id=\"cnt584\" class=\"dCon p4-cnt-richtext\">\n<p><span style=\"color: #000000;\">\u201eVerantwortlicher\u201c oder f\u00fcr die Verarbeitung von Daten Verantwortlicher ist jede nat\u00fcrliche oder juristische Person, Beh\u00f6rde, Einrichtung oder andere Stelle, die allein oder gemeinsam mit anderen \u00fcber die Zwecke und Mittel der Verarbeitung von personenbezogenen Daten entscheidet; sind die Zwecke und Mittel dieser Verarbeitung durch das Unionsrecht oder das Recht der Mitgliedstaaten vorgegeben, so k\u00f6nnen der Verantwortliche beziehungsweise die bestimmten Kriterien seiner Benennung nach dem Unionsrecht oder dem Recht der Mitgliedstaaten vorgesehen werden;<\/span><\/p>\n<\/div>\n<div id=\"cnt585\" class=\"dCon p4-cnt-headline\">\n<h3 class=\"p4-align-text-left\"><span style=\"color: #000000;\">Auftragsverarbeiter<\/span><\/h3>\n<\/div>\n<div id=\"cnt586\" class=\"dCon p4-cnt-richtext\">\n<p><span style=\"color: #000000;\">\u201eAuftragsverarbeiter\u201c ist eine nat\u00fcrliche oder juristische Person, Beh\u00f6rde, Einrichtung oder andere Stelle, die personenbezogene Daten im Auftrag des Verantwortlichen verarbeitet;<\/span><\/p>\n<\/div>\n<div id=\"cnt587\" class=\"dCon p4-cnt-headline\">\n<h3 class=\"p4-align-text-left\"><span style=\"color: #000000;\">Empf\u00e4nger<\/span><\/h3>\n<\/div>\n<div id=\"cnt588\" class=\"dCon p4-cnt-richtext\">\n<p><span style=\"color: #000000;\">Der Ausdruck \u201eEmpf\u00e4nger\u201c\u00a0bezeichnet\u00a0eine nat\u00fcrliche oder juristische Person, Beh\u00f6rde, Einrichtung oder andere Stelle, denen personenbezogene Daten offengelegt werden, unabh\u00e4ngig davon, ob es sich bei ihr um einen Dritten handelt oder nicht.\u00a0Beh\u00f6rden, die im Rahmen eines bestimmten Untersuchungsauftrags nach dem Unionsrecht oder dem Recht der Mitgliedstaaten m\u00f6glicherweise personenbezogene Daten erhalten, gelten jedoch nicht als Empf\u00e4nger; die Verarbeitung dieser Daten durch die genannten Beh\u00f6rden erfolgt im Einklang mit den geltenden Datenschutzvorschriften gem\u00e4\u00df den Zwecken der Verarbeitung;<\/span><\/p>\n<\/div>\n<div id=\"cnt589\" class=\"dCon p4-cnt-headline\">\n<h3 class=\"p4-align-text-left\"><span style=\"color: #000000;\">Dritter<\/span><\/h3>\n<\/div>\n<div id=\"cnt590\" class=\"dCon p4-cnt-richtext\">\n<p><span style=\"color: #000000;\">Der Ausdruck\u00a0\u201eDritter\u201c\u00a0bezeichnet eine nat\u00fcrliche oder juristische Person, Beh\u00f6rde, Einrichtung oder andere Stelle, au\u00dfer der betroffenen Person, dem Verantwortlichen, dem Auftragsverarbeiter und den Personen, die unter der unmittelbaren Verantwortung des Verantwortlichen oder des Auftragsverarbeiters befugt sind, die personenbezogenen Daten zu verarbeiten;<\/span><\/p>\n<\/div>\n<div id=\"cnt591\" class=\"dCon p4-cnt-headline\">\n<h3 class=\"p4-align-text-left\"><span style=\"color: #000000;\">Einwilligung<\/span><\/h3>\n<\/div>\n<div id=\"cnt592\" class=\"dCon p4-cnt-richtext\">\n<p><span style=\"color: #000000;\">Der Ausdruck \u201eEinwilligung\u201c der betroffenen Person bezeichnet jede freiwillig f\u00fcr den bestimmten Fall, in informierter Weise und unmissverst\u00e4ndlich abgegebene Willensbekundung in Form einer Erkl\u00e4rung oder einer sonstigen eindeutigen best\u00e4tigenden Handlung, mit der die betroffene Person zu verstehen gibt, dass sie mit der Verarbeitung der sie betreffenden personenbezogenen Daten einverstanden ist;<\/span><\/p>\n<\/div>\n<div id=\"cnt593\" class=\"dCon p4-cnt-headline\">\n<h3 class=\"p4-align-text-left\"><span style=\"color: #000000;\">Verletzung des Schutzes personenbezogener Daten<\/span><\/h3>\n<\/div>\n<div id=\"cnt594\" class=\"dCon p4-cnt-richtext\">\n<p><span style=\"color: #000000;\">Der Ausdruck \u201eVerletzung des Schutzes personenbezogener Daten\u201c bezeichnet eine Verletzung der Sicherheit, die zur Vernichtung, zum Verlust oder zur Ver\u00e4nderung, ob unbeabsichtigt oder unrechtm\u00e4\u00dfig, oder zur unbefugten Offenlegung von beziehungsweise zum unbefugten Zugang zu personenbezogenen Daten f\u00fchrt, die \u00fcbermittelt, gespeichert oder auf sonstige Weise verarbeitet wurden;<\/span><\/p>\n<\/div>\n<div id=\"cnt595\" class=\"dCon p4-cnt-spacer\">\n<div><\/div>\n<\/div>\n<div id=\"cnt596\" class=\"dCon p4-cnt-headline\">\n<h2 class=\"p4-align-text-left\"><span style=\"color: #000000;\">Verantwortlich f\u00fcr die Verarbeitung der Daten<\/span><\/h2>\n<\/div>\n<div id=\"cnt597\" class=\"dCon p4-cnt-richtext\">\n<p><span style=\"color: #000000;\">Als verantwortlich im Sinne des Artikel 4 der DSGVO oder sonstiger in den Mitgliedstaaten der Europ\u00e4ischen Union oder des Europ\u00e4ischen Wirtschaftsraums geltenden Gesetze zum Schutz pers\u00f6nlicher Daten und anderer Bestimmungen, deren Charakter der Schutz von Daten ist, zeichnet der Inhaber dieser Webseite. Name und Anschrift findet sich im Impressum.<\/span><\/p>\n<\/div>\n<div id=\"cnt598\" class=\"dCon p4-cnt-spacer\">\n<div><\/div>\n<\/div>\n","protected":false},"excerpt":{"rendered":"<p>Datenschutz als Grundrecht Der Schutz nat\u00fcrlicher Personen bei der Verarbeitung personenbezogener Daten ist ein Grundrecht.\u00a0Gem\u00e4\u00df Artikel 8 Absatz 1 der Charta der Grundrechte&#8230;<\/p>\n","protected":false},"author":1,"featured_media":0,"parent":0,"menu_order":10,"comment_status":"closed","ping_status":"closed","template":"","meta":{"footnotes":""},"class_list":["post-103","page","type-page","status-publish","hentry"],"_links":{"self":[{"href":"http:\/\/rgzv-norden.de\/index.php?rest_route=\/wp\/v2\/pages\/103"}],"collection":[{"href":"http:\/\/rgzv-norden.de\/index.php?rest_route=\/wp\/v2\/pages"}],"about":[{"href":"http:\/\/rgzv-norden.de\/index.php?rest_route=\/wp\/v2\/types\/page"}],"author":[{"embeddable":true,"href":"http:\/\/rgzv-norden.de\/index.php?rest_route=\/wp\/v2\/users\/1"}],"replies":[{"embeddable":true,"href":"http:\/\/rgzv-norden.de\/index.php?rest_route=%2Fwp%2Fv2%2Fcomments&post=103"}],"version-history":[{"count":2,"href":"http:\/\/rgzv-norden.de\/index.php?rest_route=\/wp\/v2\/pages\/103\/revisions"}],"predecessor-version":[{"id":105,"href":"http:\/\/rgzv-norden.de\/index.php?rest_route=\/wp\/v2\/pages\/103\/revisions\/105"}],"wp:attachment":[{"href":"http:\/\/rgzv-norden.de\/index.php?rest_route=%2Fwp%2Fv2%2Fmedia&parent=103"}],"curies":[{"name":"wp","href":"https:\/\/api.w.org\/{rel}","templated":true}]}}