{"id":1062,"date":"2024-10-21T18:20:51","date_gmt":"2024-10-21T18:20:51","guid":{"rendered":"http:\/\/rgzv-norden.de\/?page_id=1062"},"modified":"2026-03-14T05:58:44","modified_gmt":"2026-03-14T05:58:44","slug":"vorstandneu","status":"publish","type":"page","link":"http:\/\/rgzv-norden.de\/?page_id=1062","title":{"rendered":"Vorstand"},"content":{"rendered":"\n<div class=\"wp-block-columns is-layout-flex wp-container-core-columns-is-layout-1 wp-block-columns-is-layout-flex\">\n<div class=\"wp-block-column is-layout-flow wp-block-column-is-layout-flow\" style=\"flex-basis:33.33%\"><div class=\"wp-block-image\">\n<figure class=\"aligncenter size-full is-resized\"><img loading=\"lazy\" decoding=\"async\" width=\"154\" height=\"300\" src=\"http:\/\/rgzv-norden.de\/wp-content\/uploads\/2024\/10\/20180209_200449-154x300-1.jpg\" alt=\"\" class=\"wp-image-1063\" style=\"width:116px;height:auto\"\/><\/figure><\/div><\/div>\n\n\n\n<div class=\"wp-block-column is-layout-flow wp-block-column-is-layout-flow\" style=\"flex-basis:66.66%\">\n<h4 class=\"wp-block-heading\"><strong>1. Vorsitzender&nbsp;&nbsp;&nbsp;&nbsp;<\/strong><\/h4>\n\n\n\n<h4 class=\"wp-block-heading\"><strong>Dieter Becker , Barenbuscherweg 47b, 26506 Norden <\/strong><\/h4>\n\n\n\n<h4 class=\"wp-block-heading\"><strong>E-Mail:&nbsp;<a href=\"mailto:Becker.kurtzke@t-online.de\">Becker.kurtzke@t-online.de<\/a><\/strong><\/h4>\n\n\n\n<h4 class=\"wp-block-heading\"><strong>Tel.: 04931167142<\/strong><\/h4>\n<\/div>\n<\/div>\n\n\n\n<p><\/p>\n\n\n\n<div class=\"wp-block-columns is-layout-flex wp-container-core-columns-is-layout-2 wp-block-columns-is-layout-flex\">\n<div class=\"wp-block-column is-layout-flow wp-block-column-is-layout-flow\" style=\"flex-basis:33.33%\"><div class=\"wp-block-image\">\n<figure class=\"aligncenter size-large is-resized\"><img loading=\"lazy\" decoding=\"async\" width=\"550\" height=\"1024\" src=\"http:\/\/rgzv-norden.de\/wp-content\/uploads\/2024\/10\/IMG-20241021-WA0046-3-550x1024.jpg\" alt=\"\" class=\"wp-image-1087\" style=\"width:112px;height:auto\" srcset=\"http:\/\/rgzv-norden.de\/wp-content\/uploads\/2024\/10\/IMG-20241021-WA0046-3-550x1024.jpg 550w, http:\/\/rgzv-norden.de\/wp-content\/uploads\/2024\/10\/IMG-20241021-WA0046-3-161x300.jpg 161w, http:\/\/rgzv-norden.de\/wp-content\/uploads\/2024\/10\/IMG-20241021-WA0046-3.jpg 668w\" sizes=\"(max-width: 550px) 100vw, 550px\" \/><\/figure><\/div><\/div>\n\n\n\n<div class=\"wp-block-column is-layout-flow wp-block-column-is-layout-flow\" style=\"flex-basis:66.66%\">\n<h4 class=\"wp-block-heading\"><strong>2. Vorsitzender<\/strong><\/h4>\n\n\n\n<h4 class=\"wp-block-heading\"><strong>Torsten Hintz,<\/strong> <strong>Schoonorther M\u00f6hlenh\u00f6rn 4, 26736 Krummh\u00f6rn<\/strong><\/h4>\n\n\n\n<h4 class=\"wp-block-heading\"><strong>E-Mail: TorstenHintz85@gemail.com<\/strong><\/h4>\n<\/div>\n<\/div>\n\n\n\n<p><\/p>\n\n\n\n<div class=\"wp-block-columns is-layout-flex wp-container-core-columns-is-layout-3 wp-block-columns-is-layout-flex\">\n<div class=\"wp-block-column is-layout-flow wp-block-column-is-layout-flow\" style=\"flex-basis:33.33%\"><div class=\"wp-block-image\">\n<figure class=\"aligncenter size-large is-resized\"><img loading=\"lazy\" decoding=\"async\" width=\"550\" height=\"1024\" src=\"http:\/\/rgzv-norden.de\/wp-content\/uploads\/2024\/10\/IMG-20241021-WA0046-550x1024.jpg\" alt=\"\" class=\"wp-image-1084\" style=\"width:121px;height:auto\" srcset=\"http:\/\/rgzv-norden.de\/wp-content\/uploads\/2024\/10\/IMG-20241021-WA0046-550x1024.jpg 550w, http:\/\/rgzv-norden.de\/wp-content\/uploads\/2024\/10\/IMG-20241021-WA0046-161x300.jpg 161w, http:\/\/rgzv-norden.de\/wp-content\/uploads\/2024\/10\/IMG-20241021-WA0046.jpg 668w\" sizes=\"(max-width: 550px) 100vw, 550px\" \/><\/figure><\/div><\/div>\n\n\n\n<div class=\"wp-block-column is-layout-flow wp-block-column-is-layout-flow\" style=\"flex-basis:66.66%\">\n<h4 class=\"wp-block-heading\"><strong>1. Kassiererin<\/strong><\/h4>\n\n\n\n<h4 class=\"wp-block-heading\" style=\"font-size:19px\"><strong>Jasmin Hintz, Schoonorther M\u00f6hlenh\u00f6rn 4, 26736 Krummh\u00f6rn<\/strong><\/h4>\n<\/div>\n<\/div>\n\n\n\n<p><\/p>\n\n\n\n<div class=\"wp-block-columns is-layout-flex wp-container-core-columns-is-layout-4 wp-block-columns-is-layout-flex\">\n<div class=\"wp-block-column is-layout-flow wp-block-column-is-layout-flow\" style=\"flex-basis:33.33%\"><div class=\"wp-block-image\">\n<figure class=\"aligncenter size-full is-resized\"><img loading=\"lazy\" decoding=\"async\" width=\"140\" height=\"300\" src=\"http:\/\/rgzv-norden.de\/wp-content\/uploads\/2024\/10\/20180209_2003550-140x300-1.jpg\" alt=\"\" class=\"wp-image-1081\" style=\"width:119px;height:auto\"\/><\/figure><\/div><\/div>\n\n\n\n<div class=\"wp-block-column is-layout-flow wp-block-column-is-layout-flow\" style=\"flex-basis:66.66%\">\n<h4 class=\"wp-block-heading\"><strong>1. Schriftf\u00fchrer <\/strong><\/h4>\n\n\n\n<h4 class=\"wp-block-heading\"><strong>Peter Becker, Wurzeldeicherstr. 20, 26506 Norden<\/strong><\/h4>\n\n\n\n<h4 class=\"wp-block-heading\"><strong>Tel.: 0493114398<\/strong><\/h4>\n<\/div>\n<\/div>\n\n\n\n<p><\/p>\n\n\n\n<div class=\"wp-block-columns is-layout-flex wp-container-core-columns-is-layout-5 wp-block-columns-is-layout-flex\">\n<div class=\"wp-block-column is-layout-flow wp-block-column-is-layout-flow\" style=\"flex-basis:33.33%\"><div class=\"wp-block-image\">\n<figure class=\"aligncenter size-large is-resized\"><img loading=\"lazy\" decoding=\"async\" width=\"550\" height=\"1024\" src=\"http:\/\/rgzv-norden.de\/wp-content\/uploads\/2024\/10\/IMG-20241021-WA0046-550x1024.jpg\" alt=\"\" class=\"wp-image-1084\" style=\"width:122px;height:auto\" srcset=\"http:\/\/rgzv-norden.de\/wp-content\/uploads\/2024\/10\/IMG-20241021-WA0046-550x1024.jpg 550w, http:\/\/rgzv-norden.de\/wp-content\/uploads\/2024\/10\/IMG-20241021-WA0046-161x300.jpg 161w, http:\/\/rgzv-norden.de\/wp-content\/uploads\/2024\/10\/IMG-20241021-WA0046.jpg 668w\" sizes=\"(max-width: 550px) 100vw, 550px\" \/><\/figure><\/div><\/div>\n\n\n\n<div class=\"wp-block-column is-layout-flow wp-block-column-is-layout-flow\" style=\"flex-basis:66.66%\">\n<h4 class=\"wp-block-heading\"><strong>2. Schriftf\u00fchrer<\/strong><\/h4>\n\n\n\n<h4 class=\"wp-block-heading\"><strong>Sven Reschke-Luiken, Dreesche 4, 26532 Gro\u00dfheide<\/strong><\/h4>\n<\/div>\n<\/div>\n\n\n\n<p><\/p>\n\n\n\n<div class=\"wp-block-columns is-layout-flex wp-container-core-columns-is-layout-6 wp-block-columns-is-layout-flex\">\n<div class=\"wp-block-column is-vertically-aligned-center is-layout-flow wp-block-column-is-layout-flow\" style=\"flex-basis:33.33%\"><div class=\"wp-block-image\">\n<figure class=\"aligncenter size-large is-resized\"><img loading=\"lazy\" decoding=\"async\" width=\"550\" height=\"1024\" src=\"http:\/\/rgzv-norden.de\/wp-content\/uploads\/2024\/10\/IMG-20241021-WA0046-3-550x1024.jpg\" alt=\"\" class=\"wp-image-1087\" style=\"width:130px;height:auto\" srcset=\"http:\/\/rgzv-norden.de\/wp-content\/uploads\/2024\/10\/IMG-20241021-WA0046-3-550x1024.jpg 550w, http:\/\/rgzv-norden.de\/wp-content\/uploads\/2024\/10\/IMG-20241021-WA0046-3-161x300.jpg 161w, http:\/\/rgzv-norden.de\/wp-content\/uploads\/2024\/10\/IMG-20241021-WA0046-3.jpg 668w\" sizes=\"(max-width: 550px) 100vw, 550px\" \/><\/figure><\/div><\/div>\n\n\n\n<div class=\"wp-block-column is-layout-flow wp-block-column-is-layout-flow\" style=\"flex-basis:66.66%\">\n<h4 class=\"wp-block-heading\"><strong>Zuchtwart H\u00fchner und Tauben + Ringwart<\/strong><\/h4>\n\n\n\n<h4 class=\"wp-block-heading\"><strong>Heike Bontjes, Adeweg 69, 26529 Leezdorf <\/strong><\/h4>\n\n\n\n<h4 class=\"wp-block-heading\"><\/h4>\n<\/div>\n<\/div>\n\n\n\n<p><\/p>\n\n\n\n<div class=\"wp-block-columns is-layout-flex wp-container-core-columns-is-layout-7 wp-block-columns-is-layout-flex\">\n<div class=\"wp-block-column is-layout-flow wp-block-column-is-layout-flow\" style=\"flex-basis:33.33%\"><div class=\"wp-block-image\">\n<figure class=\"aligncenter size-large is-resized\"><img loading=\"lazy\" decoding=\"async\" width=\"550\" height=\"1024\" src=\"http:\/\/rgzv-norden.de\/wp-content\/uploads\/2024\/10\/IMG-20241021-WA0046-1-550x1024.jpg\" alt=\"\" class=\"wp-image-1085\" style=\"width:121px;height:auto\" srcset=\"http:\/\/rgzv-norden.de\/wp-content\/uploads\/2024\/10\/IMG-20241021-WA0046-1-550x1024.jpg 550w, http:\/\/rgzv-norden.de\/wp-content\/uploads\/2024\/10\/IMG-20241021-WA0046-1-161x300.jpg 161w, http:\/\/rgzv-norden.de\/wp-content\/uploads\/2024\/10\/IMG-20241021-WA0046-1.jpg 668w\" sizes=\"(max-width: 550px) 100vw, 550px\" \/><\/figure><\/div><\/div>\n\n\n\n<div class=\"wp-block-column is-layout-flow wp-block-column-is-layout-flow\" style=\"flex-basis:66.66%\">\n<h4 class=\"wp-block-heading\" style=\"font-size:18px\"><strong>Jugendwart<\/strong><\/h4>\n\n\n\n<h4 class=\"wp-block-heading\"><strong>Marcel Ambra\u00df, Nordfriesenstr. 13, 26529 Osteel<\/strong><\/h4>\n<\/div>\n<\/div>\n\n\n\n<p><\/p>\n\n\n\n<div class=\"wp-block-columns is-layout-flex wp-container-core-columns-is-layout-8 wp-block-columns-is-layout-flex\">\n<div class=\"wp-block-column is-layout-flow wp-block-column-is-layout-flow\" style=\"flex-basis:33.33%\"><div class=\"wp-block-image\">\n<figure class=\"aligncenter size-large is-resized\"><img loading=\"lazy\" decoding=\"async\" width=\"550\" height=\"1024\" src=\"http:\/\/rgzv-norden.de\/wp-content\/uploads\/2024\/10\/IMG-20241021-WA0046-2-550x1024.jpg\" alt=\"\" class=\"wp-image-1086\" style=\"width:123px;height:auto\" srcset=\"http:\/\/rgzv-norden.de\/wp-content\/uploads\/2024\/10\/IMG-20241021-WA0046-2-550x1024.jpg 550w, http:\/\/rgzv-norden.de\/wp-content\/uploads\/2024\/10\/IMG-20241021-WA0046-2-161x300.jpg 161w, http:\/\/rgzv-norden.de\/wp-content\/uploads\/2024\/10\/IMG-20241021-WA0046-2.jpg 668w\" sizes=\"(max-width: 550px) 100vw, 550px\" \/><\/figure><\/div><\/div>\n\n\n\n<div class=\"wp-block-column is-layout-flow wp-block-column-is-layout-flow\" style=\"flex-basis:66.66%\">\n<h4 class=\"wp-block-heading\"><strong>Pressewart + Homepage<\/strong><\/h4>\n\n\n\n<h4 class=\"wp-block-heading\"><strong>Torsten Hintz, Schoonorther M\u00f6hlenh\u00f6rn 4, 26736 Krummh\u00f6rn<\/strong><\/h4>\n<\/div>\n<\/div>\n\n\n\n<p><\/p>\n\n\n\n<div class=\"wp-block-columns is-layout-flex wp-container-core-columns-is-layout-9 wp-block-columns-is-layout-flex\">\n<div class=\"wp-block-column is-layout-flow wp-block-column-is-layout-flow\" style=\"flex-basis:33.33%\"><div class=\"wp-block-image\">\n<figure class=\"aligncenter size-full is-resized\"><img loading=\"lazy\" decoding=\"async\" width=\"140\" height=\"300\" src=\"http:\/\/rgzv-norden.de\/wp-content\/uploads\/2024\/10\/20180209_2003550-140x300-1.jpg\" alt=\"\" class=\"wp-image-1081\" style=\"width:122px;height:auto\"\/><\/figure><\/div><\/div>\n\n\n\n<div class=\"wp-block-column is-layout-flow wp-block-column-is-layout-flow\" style=\"flex-basis:66.66%\">\n<h4 class=\"wp-block-heading\"><strong>1.Ger\u00e4tewart<\/strong><\/h4>\n\n\n\n<h4 class=\"wp-block-heading\"><strong>Peter Becker, Wurzeldeicherstr. 20, 26506 Norden<\/strong><\/h4>\n\n\n\n<p><strong>Tel.: 0493114398<\/strong><\/p>\n<\/div>\n<\/div>\n\n\n\n<p><\/p>\n\n\n\n<div class=\"wp-block-columns is-layout-flex wp-container-core-columns-is-layout-10 wp-block-columns-is-layout-flex\">\n<div class=\"wp-block-column is-layout-flow wp-block-column-is-layout-flow\" style=\"flex-basis:33.33%\"><div class=\"wp-block-image\">\n<figure class=\"aligncenter size-large is-resized\"><img loading=\"lazy\" decoding=\"async\" width=\"507\" height=\"1024\" src=\"http:\/\/rgzv-norden.de\/wp-content\/uploads\/2024\/10\/20241019_120414-507x1024.jpg\" alt=\"\" class=\"wp-image-1067\" style=\"width:119px;height:auto\" srcset=\"http:\/\/rgzv-norden.de\/wp-content\/uploads\/2024\/10\/20241019_120414-507x1024.jpg 507w, http:\/\/rgzv-norden.de\/wp-content\/uploads\/2024\/10\/20241019_120414-149x300.jpg 149w, http:\/\/rgzv-norden.de\/wp-content\/uploads\/2024\/10\/20241019_120414-768x1551.jpg 768w, http:\/\/rgzv-norden.de\/wp-content\/uploads\/2024\/10\/20241019_120414-761x1536.jpg 761w, http:\/\/rgzv-norden.de\/wp-content\/uploads\/2024\/10\/20241019_120414-1014x2048.jpg 1014w, http:\/\/rgzv-norden.de\/wp-content\/uploads\/2024\/10\/20241019_120414-scaled.jpg 1268w\" sizes=\"(max-width: 507px) 100vw, 507px\" \/><\/figure><\/div><\/div>\n\n\n\n<div class=\"wp-block-column is-layout-flow wp-block-column-is-layout-flow\" style=\"flex-basis:66.66%\">\n<h4 class=\"wp-block-heading\"><strong>2. Ger\u00e4tewart<\/strong><\/h4>\n\n\n\n<h4 class=\"wp-block-heading\"><strong>Hinrich Poppinga, Upgantermeeden, 26529 Upgant-Schott<\/strong><\/h4>\n<\/div>\n<\/div>\n\n\n\n<p><\/p>\n","protected":false},"excerpt":{"rendered":"<p>1. Vorsitzender&nbsp;&nbsp;&nbsp;&nbsp; Dieter Becker , Barenbuscherweg 47b, 26506 Norden E-Mail:&nbsp;Becker.kurtzke@t-online.de Tel.: 04931167142 2. Vorsitzender Torsten Hintz, Schoonorther M\u00f6hlenh\u00f6rn 4, 26736 Krummh\u00f6rn E-Mail: TorstenHintz85@gemail.com&#8230;<\/p>\n","protected":false},"author":1,"featured_media":0,"parent":9,"menu_order":0,"comment_status":"closed","ping_status":"closed","template":"","meta":{"footnotes":""},"class_list":["post-1062","page","type-page","status-publish","hentry"],"_links":{"self":[{"href":"http:\/\/rgzv-norden.de\/index.php?rest_route=\/wp\/v2\/pages\/1062"}],"collection":[{"href":"http:\/\/rgzv-norden.de\/index.php?rest_route=\/wp\/v2\/pages"}],"about":[{"href":"http:\/\/rgzv-norden.de\/index.php?rest_route=\/wp\/v2\/types\/page"}],"author":[{"embeddable":true,"href":"http:\/\/rgzv-norden.de\/index.php?rest_route=\/wp\/v2\/users\/1"}],"replies":[{"embeddable":true,"href":"http:\/\/rgzv-norden.de\/index.php?rest_route=%2Fwp%2Fv2%2Fcomments&post=1062"}],"version-history":[{"count":38,"href":"http:\/\/rgzv-norden.de\/index.php?rest_route=\/wp\/v2\/pages\/1062\/revisions"}],"predecessor-version":[{"id":1330,"href":"http:\/\/rgzv-norden.de\/index.php?rest_route=\/wp\/v2\/pages\/1062\/revisions\/1330"}],"up":[{"embeddable":true,"href":"http:\/\/rgzv-norden.de\/index.php?rest_route=\/wp\/v2\/pages\/9"}],"wp:attachment":[{"href":"http:\/\/rgzv-norden.de\/index.php?rest_route=%2Fwp%2Fv2%2Fmedia&parent=1062"}],"curies":[{"name":"wp","href":"https:\/\/api.w.org\/{rel}","templated":true}]}}