{"id":866,"date":"2024-06-15T20:39:40","date_gmt":"2024-06-15T20:39:40","guid":{"rendered":"http:\/\/rgzv-norden.de\/?page_id=866"},"modified":"2026-04-13T14:47:52","modified_gmt":"2026-04-13T14:47:52","slug":"aktuelle-termine","status":"publish","type":"page","link":"http:\/\/rgzv-norden.de\/?page_id=866","title":{"rendered":"Aktuelle Termine 2026"},"content":{"rendered":"\n<div class=\"wp-block-columns is-layout-flex wp-container-core-columns-is-layout-2 wp-block-columns-is-layout-flex\">\n<div class=\"wp-block-column is-vertically-aligned-center is-layout-flow wp-block-column-is-layout-flow\" style=\"flex-basis:60%\">\n<div class=\"wp-block-group\"><div class=\"wp-block-group__inner-container is-layout-flow wp-block-group-is-layout-flow\">\n<figure class=\"wp-block-table is-style-stripes\"><table><tbody><tr><td class=\"has-text-align-center\" data-align=\"center\"><strong>Datum<\/strong><br><\/td><td class=\"has-text-align-center\" data-align=\"center\"><strong>Uhrzeit<\/strong><br><\/td><td><strong>Veranstaltung<\/strong><br><\/td><\/tr><tr><td class=\"has-text-align-center\" data-align=\"center\"><\/td><td class=\"has-text-align-center\" data-align=\"center\"><\/td><td><\/td><\/tr><tr><td class=\"has-text-align-center\" data-align=\"center\"><s>09.01.202<\/s>6<\/td><td class=\"has-text-align-center\" data-align=\"center\"><s>20Uhr<\/s><\/td><td><s>Jahreshauptversammlung<\/s> *entf\u00e4llt wegen Schnee<\/td><\/tr><tr><td class=\"has-text-align-center\" data-align=\"center\"><s>13.02.202<\/s>6<\/td><td class=\"has-text-align-center\" data-align=\"center\"><s>20Uhr<\/s><\/td><td><s>Versammlung im &#8222;Haus der Vereine&#8220;<\/s><\/td><\/tr><tr><td class=\"has-text-align-center\" data-align=\"center\"><s>14.02.202<\/s>6<\/td><td class=\"has-text-align-center\" data-align=\"center\"><\/td><td><s>Kreisverbandstagung<\/s><\/td><\/tr><tr><td class=\"has-text-align-center\" data-align=\"center\"><s>13.03.202<\/s>6<\/td><td class=\"has-text-align-center\" data-align=\"center\"><s>20Uhr<\/s><\/td><td><s>Ersatz Jahreshauptversammlung<\/s><\/td><\/tr><tr><td class=\"has-text-align-center\" data-align=\"center\"><s>21.03.2026<\/s><\/td><td class=\"has-text-align-center\" data-align=\"center\"><\/td><td><s>Jahreshauptversammlung Landesverband<\/s><\/td><\/tr><tr><td class=\"has-text-align-center\" data-align=\"center\"><s>10.04. 2026<\/s><\/td><td class=\"has-text-align-center\" data-align=\"center\"><s>20Uhr<\/s><\/td><td><s>Versammlung im &#8222;Haus der Vereine&#8220;<\/s><\/td><\/tr><tr><td class=\"has-text-align-center\" data-align=\"center\"><s>11.04.2026<\/s><\/td><td class=\"has-text-align-center\" data-align=\"center\"><s>10Uhr<\/s><\/td><td><s>Vereinsbo\u00dfeln<\/s><\/td><\/tr><tr><td class=\"has-text-align-center\" data-align=\"center\">08.05.2026<\/td><td class=\"has-text-align-center\" data-align=\"center\">20Uhr<\/td><td>Versammlung im &#8222;Haus der Vereine&#8220;<\/td><\/tr><tr><td class=\"has-text-align-center\" data-align=\"center\">12.06.2026<\/td><td class=\"has-text-align-center\" data-align=\"center\">20Uhr<\/td><td>Versammlung im &#8222;Haus der Vereine&#8220;<\/td><\/tr><tr><td class=\"has-text-align-center\" data-align=\"center\">10.07.2026<\/td><td class=\"has-text-align-center\" data-align=\"center\">20Uhr<\/td><td>Versammlung im &#8222;Haus der Vereine&#8220;<\/td><\/tr><tr><td class=\"has-text-align-center\" data-align=\"center\">11.07.2026<\/td><td class=\"has-text-align-center\" data-align=\"center\"><\/td><td>Arbeitseinsatz am &#8222;Haus der Vereine&#8220;<\/td><\/tr><tr><td class=\"has-text-align-center\" data-align=\"center\">14.08.2026<\/td><td class=\"has-text-align-center\" data-align=\"center\">20Uhr<\/td><td>Versammlung im &#8222;Haus der Vereine&#8220;<\/td><\/tr><tr><td class=\"has-text-align-center\" data-align=\"center\">15.08.2026<\/td><td class=\"has-text-align-center\" data-align=\"center\"><\/td><td>Arbeitseinsatz am &#8222;Haus der Vereine&#8220;<\/td><\/tr><tr><td class=\"has-text-align-center\" data-align=\"center\">23.08.2026<\/td><td class=\"has-text-align-center\" data-align=\"center\">10Uhr<\/td><td>Kr\u00e4herfest mit Vereinsgrillen<br>(Bitte beim Festausschuss anmelden, Preis 5\u20ac)<\/td><\/tr><tr><td class=\"has-text-align-center\" data-align=\"center\">11.09.2026<\/td><td class=\"has-text-align-center\" data-align=\"center\">20Uhr<\/td><td>Versammlung im &#8222;Haus der Vereine&#8220;<\/td><\/tr><tr><td class=\"has-text-align-center\" data-align=\"center\">12.09.2026<\/td><td class=\"has-text-align-center\" data-align=\"center\"><\/td><td>Arbeitseinsatz im &#8222;Haus der Vereine&#8220;<\/td><\/tr><tr><td class=\"has-text-align-center\" data-align=\"center\">09.10.2026<\/td><td class=\"has-text-align-center\" data-align=\"center\"><\/td><td>Versammlung im &#8222;Haus der Vereine&#8220; entf\u00e4llt<\/td><\/tr><tr><td class=\"has-text-align-center\" data-align=\"center\">09.10. 2025+<br>10.10.2026<\/td><td class=\"has-text-align-center\" data-align=\"center\">9Uhr<\/td><td>Aufbau der Rassegefl\u00fcgelschau Norden 2026<br><\/td><\/tr><tr><td class=\"has-text-align-center\" data-align=\"center\">14.10.2026<\/td><td class=\"has-text-align-center\" data-align=\"center\">ab 16:30Uhr<\/td><td>Einlieferung der Tiere zur Rassegefl\u00fcgelschau Norden 2026<\/td><\/tr><tr><td class=\"has-text-align-center\" data-align=\"center\">17.10.2026<br>+<br>18.10.2026<\/td><td class=\"has-text-align-center\" data-align=\"center\">9-17Uhr<br>+<br>9-16Uhr<\/td><td>Rassegefl\u00fcgel Vereinsschau <br>Gewerbestra\u00dfe 26, Norden <br>gegen\u00fcber K\u00fcchen am Meer GmbH<\/td><\/tr><tr><td class=\"has-text-align-center\" data-align=\"center\">13.11.2026<\/td><td class=\"has-text-align-center\" data-align=\"center\">20Uhr<\/td><td>Versammlung im &#8222;Haus der Vereine&#8220;<\/td><\/tr><tr><td class=\"has-text-align-center\" data-align=\"center\">23.11.2026<\/td><td class=\"has-text-align-center\" data-align=\"center\"><\/td><td>Vorstandsversammlung<\/td><\/tr><tr><td class=\"has-text-align-center\" data-align=\"center\">11.12.2026<\/td><td class=\"has-text-align-center\" data-align=\"center\"><\/td><td>Weihachtsfeier mit Wichteln<br>(Bitte beim Festausschuss anmelden) <\/td><\/tr><\/tbody><\/table><\/figure>\n<\/div><\/div>\n\n\n\n<div class=\"wp-block-columns is-layout-flex wp-container-core-columns-is-layout-1 wp-block-columns-is-layout-flex\">\n<div class=\"wp-block-column is-layout-flow wp-block-column-is-layout-flow\" style=\"flex-basis:100%\">\n<p class=\"has-text-align-left has-small-font-size\">Festausschuss: Wilko Janetzko + Melanie Feeken<\/p>\n<\/div>\n<\/div>\n<\/div>\n<\/div>\n","protected":false},"excerpt":{"rendered":"<p>Datum Uhrzeit Veranstaltung 09.01.2026 20Uhr Jahreshauptversammlung *entf\u00e4llt wegen Schnee 13.02.2026 20Uhr Versammlung im &#8222;Haus der Vereine&#8220; 14.02.2026 Kreisverbandstagung 13.03.2026 20Uhr Ersatz Jahreshauptversammlung 21.03.2026&#8230;<\/p>\n","protected":false},"author":1,"featured_media":0,"parent":0,"menu_order":1,"comment_status":"closed","ping_status":"closed","template":"","meta":{"footnotes":""},"class_list":["post-866","page","type-page","status-publish","hentry"],"_links":{"self":[{"href":"http:\/\/rgzv-norden.de\/index.php?rest_route=\/wp\/v2\/pages\/866"}],"collection":[{"href":"http:\/\/rgzv-norden.de\/index.php?rest_route=\/wp\/v2\/pages"}],"about":[{"href":"http:\/\/rgzv-norden.de\/index.php?rest_route=\/wp\/v2\/types\/page"}],"author":[{"embeddable":true,"href":"http:\/\/rgzv-norden.de\/index.php?rest_route=\/wp\/v2\/users\/1"}],"replies":[{"embeddable":true,"href":"http:\/\/rgzv-norden.de\/index.php?rest_route=%2Fwp%2Fv2%2Fcomments&post=866"}],"version-history":[{"count":54,"href":"http:\/\/rgzv-norden.de\/index.php?rest_route=\/wp\/v2\/pages\/866\/revisions"}],"predecessor-version":[{"id":1334,"href":"http:\/\/rgzv-norden.de\/index.php?rest_route=\/wp\/v2\/pages\/866\/revisions\/1334"}],"wp:attachment":[{"href":"http:\/\/rgzv-norden.de\/index.php?rest_route=%2Fwp%2Fv2%2Fmedia&parent=866"}],"curies":[{"name":"wp","href":"https:\/\/api.w.org\/{rel}","templated":true}]}}